{"id":7876,"date":"2023-11-12T06:14:01","date_gmt":"2023-11-12T06:14:01","guid":{"rendered":"https:\/\/fepyme.org.gt\/?page_id=7876"},"modified":"2023-12-05T22:50:53","modified_gmt":"2023-12-05T22:50:53","slug":"nuestras-gremiales-y-asociaciones","status":"publish","type":"page","link":"https:\/\/fepyme.org.gt\/portal\/nuestras-gremiales-y-asociaciones\/","title":{"rendered":"Nuestras Gremiales y asociaciones"},"content":{"rendered":"<div class=\"wpb-content-wrapper\"><p>[vc_row][vc_column width=&#8221;1\/2&#8243;][vc_column_text]<\/p>\n<h2>Nuestra Red de Gremios y Asociaciones<\/h2>\n<p>En la Federaci\u00f3n de la Peque\u00f1a y Mediana Empresa, creemos en la fuerza de la uni\u00f3n y la colaboraci\u00f3n. Somos un apoyo s\u00f3lido y unificador para todas las peque\u00f1as y medianas empresas que buscan crecer y prosperar en un mundo empresarial en constante cambio.<\/p>\n<p>Nuestra red de gremios y asociaciones es el coraz\u00f3n de nuestra comunidad. Estamos orgullosos de ser el hogar de una amplia variedad de gremios y asociaciones que representan diversos sectores y regiones. Juntos, trabajamos codo a codo para impulsar el \u00e9xito y la innovaci\u00f3n en cada rinc\u00f3n del mundo empresarial.<\/p>\n<p>[\/vc_column_text][\/vc_column][vc_column width=&#8221;1\/2&#8243;][vc_single_image image=&#8221;7780&#8243; img_size=&#8221;large&#8221; alignment=&#8221;center&#8221; style=&#8221;vc_box_rounded&#8221;][\/vc_column][\/vc_row][vc_row][vc_column][vc_column_text]Nuestros Gremios y Asociaciones Incluyen:<\/p>\n<ul>\n<li>Metalmec\u00e1nica<\/li>\n<li>Productos de madera<\/li>\n<li>Transportes<\/li>\n<li>Mujeres empresarias<\/li>\n<li>Profesionales<\/li>\n<li>Farmacia<\/li>\n<li>Textiles<\/li>\n<li>Comercio y Servicios<\/li>\n<li>Artes gr\u00e1ficas<\/li>\n<li>Empresarios de Villanueva<\/li>\n<li>Gremial de Fabricantes de Muebles de San Juan Sacatep\u00e9quez<\/li>\n<li>Gremial de lecheros de oriente<\/li>\n<li>Productores de Chocolate de Quetzaltenango<\/li>\n<\/ul>\n<p>Si est\u00e1 interesado en unirse a nuestra federaci\u00f3n o desea obtener m\u00e1s informaci\u00f3n sobre cualquiera de nuestros gremios y asociaciones, no dude en ponerse en contacto con nosotros. \u00a1Juntos hacemos la diferencia![\/vc_column_text][\/vc_column][\/vc_row][vc_row][vc_column][vc_column_text]<\/p>\n<h1 style=\"text-align: center;\">COMUNIDAD FEPYME<\/h1>\n<p>[\/vc_column_text]\n        <div class=\"listing-simple listing_grid_view listingcampaings\">\n            <div class=\"lp-list-page-grid row\" id=\"content-grids\" ><div class=\"md-overlay\"><\/div>\n            <\/div>\n        <\/div><div class=\"padding-top-40 padding-bottom-40 clearfix\">\t\t\t\t\t\t\t\r\n\t\t\t\t\t<div class=\"col-md-4 col-sm-6 promoted lp-grid-box-contianer grid_view_s2 grid_view2 card1 lp-grid-box-contianer1 listing-grid-view2-outer\" data-title=\"Asociaci\u00f3n Agr\u00edcola del Valle de Candelaria\" data-postid=\"584\"   data-lattitue=\"\" data-longitute=\"\" data-posturl=\"https:\/\/fepyme.org.gt\/portal\/Entidad\/asociacion-agricola-del-valle-de-candelaria\/\">\r\n\t\t\t\t\t\t\t\t\t\t\t\t<div class=\"lp-grid-box\">\r\n\t\t\t\t\t\t\t<div class=\"lp-grid-box-thumb-container\" >\r\n\t\t\t\t\t\t\t\t<div class=\"lp-grid-box-thumb\">\r\n\t\t\t\t\t\t\t\t\t<div class=\"show-img\">\r\n\t\t\t\t\t\t\t\t\t\t<a href='https:\/\/fepyme.org.gt\/portal\/Entidad\/asociacion-agricola-del-valle-de-candelaria\/' >\r\n\t\t\t\t\t\t\t\t\t\t\t\t\t\t\t\t<img alt='image' src='https:\/\/i0.wp.com\/fepyme.org.gt\/portal\/wp-content\/uploads\/2017\/08\/ganado.jpg?resize=372%2C400&ssl=1' \/>\r\n\t\t\t\t\t\t\t\t\t\t\t\t\t\t\t<\/a>\t\t\t\t\t\t\t\t\t<\/div>\r\n\t\t\t\t\t\t\t\t\t<div class=\"hide-img listingpro-list-thumb\">\r\n\t\t\t\t\t\t\t\t\t\t<a href='https:\/\/fepyme.org.gt\/portal\/Entidad\/asociacion-agricola-del-valle-de-candelaria\/' >\r\n\t\t\t\t\t\t\t\t\t\t\t\t\t\t\t\t<img alt='image' src='https:\/\/i0.wp.com\/fepyme.org.gt\/portal\/wp-content\/uploads\/2017\/08\/ganado.jpg?resize=372%2C240&ssl=1' \/>\r\n\t\t\t\t\t\t\t\t\t\t\t\t\t\t\t<\/a>\t\t\t\t\t\t\t\t\t<\/div>\r\n\t\t\t\t\t\t\t   \t<\/div>\r\n\t\t\t\t\t\t\t\t<div class=\"lp-grid-box-quick\">\r\n\t\t\t\t\t\t\t\t\t<ul class=\"lp-post-quick-links clearfix\">\r\n\t\t\t\t\t\t\t\t\t\t\t\t\t\t\t\t\t\t\t\t<li class=\"pull-left\">\r\n\t\t\t\t\t\t\t\t\t\t\t<a href=\"#\" data-post-type=\"grids\" data-post-id=\"584\" data-success-text=\"Guardado\" class=\"status-btn add-to-fav lp-add-to-fav\">\r\n\t\t\t\t\t\t\t\t\t\t\t\t<i class=\"fa-regular fa-bookmark-o\"><\/i> <span>Guardar<\/span>\r\n\t\t\t\t\t\t\t\t\t\t\t<\/a>\r\n\t\t\t\t\t\t\t\t\t\t<\/li>\r\n\t\t\t\t\t\t\t\t\t\t\r\n\t\t\t\t\t\t\t\t\t<\/ul>\r\n\t\t\t\t\t\t\t\t<\/div>\r\n\t\t\t\t\t\t\t<\/div>\r\n\t\t\t\t\t\t\t<div class=\"lp-grid-desc-container lp-border clearfix\">\r\n\t\t\t\t\t\t\t\t<div class=\"lp-grid-box-description \">\r\n\t\t\t\t\t\t\t\t\t<div class=\"lp-grid-box-left pull-left\">\r\n\t\t\t\t\t\t\t\t\t\t<h4 class=\"lp-h4\">\r\n\t\t\t\t\t\t\t\t\t\t\t<a href=\"https:\/\/fepyme.org.gt\/portal\/Entidad\/asociacion-agricola-del-valle-de-candelaria\/\">\r\n\t\t\t\t\t\t\t\t\t\t\t\t<span class=\"listing-pro\">ANUNCIO PRO<\/span>\t\t\t\t\t\t\t\t\t\t\t\tAsociaci\u00f3n Agr\u00edcola del Valle de Candela\t\t\t\t\t\t\t\t\t\t\t\t<span class=\"verified simptip-position-top simptip-movable\"><i class=\"fa fa-check\"><\/i> <\/span>\t\t\t\t\t\t\t\t\t\t\t<\/a>\r\n\t\t\t\t\t\t\t\t\t\t<\/h4>\r\n\t\t\t\t\t\t\t\t\t\t<ul>\r\n\t\t\t\t\t\t\t\t\t\t\t\t\t\t\t\t\t\t\t\t\t\t<li>\r\n\t\t\t\t\t\t\t\t\t\t\t\t<span class=\"rate lp-rate-good\">5.0<sup>\/ 5<\/sup><\/span>\t\t\t\t\t\t\t\t\t\t\t<\/li>\r\n\t\t\t\t\t\t\t\t\t\t\t\t\t\t\t\t\t\t\t\t\t\t\r\n\t\t\t\t\t\t\t\t\t\t\t<li>\r\n\t\t\t\t\t\t\t\t\t\t\t\t<span class=\"cat-icon\"><i class=\"icon icons-search-cat fa-solid fa-wheat-awn\"><\/i><\/span>\r\n\t\t\t\t\t\t\t\t\t\t\t\t\t\t\t<a href=\"https:\/\/fepyme.org.gt\/portal\/Directorio\/agricola\/\">\r\n\t\t\t\t\t\t\t\t\t\t\t\t\t\t\t\tAgr\u00edcola\r\n\t\t\t\t\t\t\t\t\t\t\t\t\t\t\t<\/a><span class=\"cat-icon\"><i class=\"icon icons-search-cat fa-solid fa-people-roof\"><\/i><\/span>\r\n\t\t\t\t\t\t\t\t\t\t\t\t\t\t\t<a href=\"https:\/\/fepyme.org.gt\/portal\/Directorio\/asociacion\/\">\r\n\t\t\t\t\t\t\t\t\t\t\t\t\t\t\t\tAsociaciones\r\n\t\t\t\t\t\t\t\t\t\t\t\t\t\t\t<\/a>\t\t\t\t\t\t\t\t\t\t\t<\/li>\r\n\t\t\t\t\t\t\t\t\t\t<\/ul>\r\n\t\t\t\t\t\t\t\t\t\t\r\n\t\t\t\t\t\t\t\t\t<\/div>\r\n\t\t\t\t\t\t\t\t\t<div class=\"lp-grid-box-right pull-right\">\r\n\t\t\t\t\t\t\t\t\t<\/div>\r\n\t\t\t\t\t\t\t\t<\/div>\r\n\t\t\t\t\t\t\t\t\t\t\t\t\t\t\t\t\t<div class=\"lp-grid-box-bottom\">\r\n\t\t\t\t\t\t\t\t\t\t<div class=\"pull-left\">\r\n\t\t\t\t\t\t\t\t\t\t\t<div class=\"show\">\r\n\t\t\t\t\t\t\t\t\t\t\t\t<span class=\"cat-icon\"><img decoding=\"async\" class=\"icon icons8-mapMarkerGrey\" src=\"data:image\/png;base64,iVBORw0KGgoAAAANSUhEUgAAADIAAAAyCAYAAAAeP4ixAAAC8UlEQVRoge1aS3HDMBA1BEMIhEAwhEAohEIIgx3tk8+FYAiGEAiBYAjpoZKyTmx9Ym2cQ9+MZ3qIpf2+\/bhN849nEFFLQGeMOTMwArgwMDEwub8HtpYI6PaWdRFE1LK15IS+ZT\/WEhEd9pZ\/UQEAF2PMmYCO+v5IRK17DgBOxpiz885MoX2VAAYh0Eh9f8x+v++PbO2PNAARtZoyrwlxdda8bon52VnAVGKMTSCiVoTGWCPGnXfHoIy2Z2Q4aYSCVwbApea5T3C0+hdOClaT3jbGnGufHy7x7KRZB4joIELsUP2C4A1gqH74AwKbWfujcfiVgVsOqxBRy8zfDAwALu7dITdcnPdvDEybBZcAcMpNQgK6p4InHgCXnNAMlMz8VUOHpmnuYZWyKAGdqPKjqO4HACepYEoZQSz1wktQ7mlVCVlf\/nqoRVZzLU0ybJxRbgyMW+UP8ALGWMTlhC+SUWr29SLmYZU8CYkeUyTDax4+52IMqKOIrx8RS+coWyqkz6cXRF5GCK0I9dZWhPr+WL1dCe16hAp9EcsJrZxEVkn2wDTM32u\/EZU\/ebE3TCzZA3nUpN+cOuKmxWuBgNHGU9SRetOjYJmotUU4zCq4X0rIiTIVgiUsmA2RnMlkfpj4lp4pJVzJfcUQCb+aJxJ+JeSoe2JgNMacc+YYUVzrd9rM\/PW2Nr7QaEWQ3K85U88GOK2dl0pr\/XiH87zq3B7Cy9qr1h2hg1Y0VtM0d69UpUWHQPNKy40ZfKHScH1Oe18NWhwviqn+gs5DTHnVqPit3vCYeaXCrla0QO\/zhofcOm455y3bxZQANepKbjesChkSr7wvq7h63UhBroBK39UgjZchls5FiT+j23d93EkhWDYz8XdP8BhKBJPdwW4JvoZZiEX2umI\/PH3s9\/bUXvejQ+oRfP+o+bSoEMuH5H54dzzUhjCqijlc55OaBuRaiIBOfjfRmGNUIfMleGjPf9XYApEvNwaGj8+LNQiW+vzk\/hT8Ak0IUQVkeTWPAAAAAElFTkSuQmCC\" alt=\"mapMarkerGrey\"><\/span>\r\n\t\t\t\t\t\t\t\t\t\t\t\t\t\t\t<a href=\"https:\/\/fepyme.org.gt\/portal\/Ubicacion\/quiche\/\">\r\n\t\t\t\t\t\t\t\t\t\t\t\t\t\t\t\tQuich\u00e9\r\n\t\t\t\t\t\t\t\t\t\t\t\t\t\t\t<\/a>\t\t\t\t\t\t\t\t\t\t\t<\/div>\r\n\t\t\t\t\t\t\t\t\t\t\t\t\t\t\t\t\t\t\t\t\t\t\t<div class=\"hide\">\r\n\t\t\t\t\t\t\t\t\t\t\t\t\t<span class=\"cat-icon\">\r\n\t\t\t\t\t\t\t\t\t\t\t\t\t\t<img decoding=\"async\" class=\"icon icons8-mapMarkerGrey\" src=\"data:image\/png;base64,iVBORw0KGgoAAAANSUhEUgAAADIAAAAyCAYAAAAeP4ixAAAC8UlEQVRoge1aS3HDMBA1BEMIhEAwhEAohEIIgx3tk8+FYAiGEAiBYAjpoZKyTmx9Ym2cQ9+MZ3qIpf2+\/bhN849nEFFLQGeMOTMwArgwMDEwub8HtpYI6PaWdRFE1LK15IS+ZT\/WEhEd9pZ\/UQEAF2PMmYCO+v5IRK17DgBOxpiz885MoX2VAAYh0Eh9f8x+v++PbO2PNAARtZoyrwlxdda8bon52VnAVGKMTSCiVoTGWCPGnXfHoIy2Z2Q4aYSCVwbApea5T3C0+hdOClaT3jbGnGufHy7x7KRZB4joIELsUP2C4A1gqH74AwKbWfujcfiVgVsOqxBRy8zfDAwALu7dITdcnPdvDEybBZcAcMpNQgK6p4InHgCXnNAMlMz8VUOHpmnuYZWyKAGdqPKjqO4HACepYEoZQSz1wktQ7mlVCVlf\/nqoRVZzLU0ybJxRbgyMW+UP8ALGWMTlhC+SUWr29SLmYZU8CYkeUyTDax4+52IMqKOIrx8RS+coWyqkz6cXRF5GCK0I9dZWhPr+WL1dCe16hAp9EcsJrZxEVkn2wDTM32u\/EZU\/ebE3TCzZA3nUpN+cOuKmxWuBgNHGU9SRetOjYJmotUU4zCq4X0rIiTIVgiUsmA2RnMlkfpj4lp4pJVzJfcUQCb+aJxJ+JeSoe2JgNMacc+YYUVzrd9rM\/PW2Nr7QaEWQ3K85U88GOK2dl0pr\/XiH87zq3B7Cy9qr1h2hg1Y0VtM0d69UpUWHQPNKy40ZfKHScH1Oe18NWhwviqn+gs5DTHnVqPit3vCYeaXCrla0QO\/zhofcOm455y3bxZQANepKbjesChkSr7wvq7h63UhBroBK39UgjZchls5FiT+j23d93EkhWDYz8XdP8BhKBJPdwW4JvoZZiEX2umI\/PH3s9\/bUXvejQ+oRfP+o+bSoEMuH5H54dzzUhjCqijlc55OaBuRaiIBOfjfRmGNUIfMleGjPf9XYApEvNwaGj8+LNQiW+vzk\/hT8Ak0IUQVkeTWPAAAAAElFTkSuQmCC\" alt=\"mapMarkerGrey\">\t\t\t\t\t\t\t\t\t\t\t\t\t<\/span>\r\n\t\t\t\t\t\t\t\t\t\t\t\t\t<span class=\"text gaddress\">Aldea Santa Mar\u00eda Candelaria I...<\/span>\r\n\t\t\t\t\t\t\t\t\t\t\t\t<\/div>\r\n\t\t\t\t\t\t\t\t\t\t\t\t\t\t\t\t\t\t\t\t\t<\/div>\r\n\t\t\t\t\t\t\t\t\t\t\t\t\t\t\t\t\t\t\t\t<div class=\"clearfix\"><\/div>\r\n\t\t\t\t\t\t\t\t\t<\/div>\r\n\t\t\t\t\t\t\t\t\r\n\t\t\t\t\t\t\t\t\t\t\t\t\t\t\t<\/div>\r\n\t\t\t\t\t\t<\/div>\r\n\t\t\t\t\t<\/div>\r\n\t\t\t\t\t\r\n\t\t\t\t\t\t\t\t\t\t\t\t\t \r\n\t\t\t\t\t\t\t\t\t\t\t\t\t\t\t\t\t\r\n\t\t\t\t\t<div class=\"col-md-4 col-sm-6 promoted lp-grid-box-contianer grid_view_s2 grid_view2 card1 lp-grid-box-contianer1 listing-grid-view2-outer\" data-title=\"Importadora y Exportadora Agr\u00edcola e Industrial Alianza, S.A.\" data-postid=\"583\"   data-lattitue=\"14.669053190512681\" data-longitute=\"-91.6441140158435\" data-posturl=\"https:\/\/fepyme.org.gt\/portal\/Entidad\/macadamia-organica-de-guatemala\/\">\r\n\t\t\t\t\t\t\t\t\t\t\t\t<div class=\"lp-grid-box\">\r\n\t\t\t\t\t\t\t<div class=\"lp-grid-box-thumb-container\" >\r\n\t\t\t\t\t\t\t\t<div class=\"lp-grid-box-thumb\">\r\n\t\t\t\t\t\t\t\t\t<div class=\"show-img\">\r\n\t\t\t\t\t\t\t\t\t\t<a href='https:\/\/fepyme.org.gt\/portal\/Entidad\/macadamia-organica-de-guatemala\/' >\r\n\t\t\t\t\t\t\t\t\t\t\t\t\t\t\t\t<img alt='image' src='https:\/\/i0.wp.com\/fepyme.org.gt\/portal\/wp-content\/uploads\/2023\/11\/empaque.jpg?resize=372%2C400&ssl=1' \/>\r\n\t\t\t\t\t\t\t\t\t\t\t\t\t\t\t<\/a>\t\t\t\t\t\t\t\t\t<\/div>\r\n\t\t\t\t\t\t\t\t\t<div class=\"hide-img listingpro-list-thumb\">\r\n\t\t\t\t\t\t\t\t\t\t<a href='https:\/\/fepyme.org.gt\/portal\/Entidad\/macadamia-organica-de-guatemala\/' >\r\n\t\t\t\t\t\t\t\t\t\t\t\t\t\t\t\t<img alt='image' src='https:\/\/i0.wp.com\/fepyme.org.gt\/portal\/wp-content\/uploads\/2023\/11\/empaque.jpg?resize=372%2C240&ssl=1' \/>\r\n\t\t\t\t\t\t\t\t\t\t\t\t\t\t\t<\/a>\t\t\t\t\t\t\t\t\t<\/div>\r\n\t\t\t\t\t\t\t   \t<\/div>\r\n\t\t\t\t\t\t\t\t<div class=\"lp-grid-box-quick\">\r\n\t\t\t\t\t\t\t\t\t<ul class=\"lp-post-quick-links clearfix\">\r\n\t\t\t\t\t\t\t\t\t\t\t\t\t\t\t\t\t\t\t\t<li class=\"pull-left\">\r\n\t\t\t\t\t\t\t\t\t\t\t<a href=\"#\" data-post-type=\"grids\" data-post-id=\"583\" data-success-text=\"Guardado\" class=\"status-btn add-to-fav lp-add-to-fav\">\r\n\t\t\t\t\t\t\t\t\t\t\t\t<i class=\"fa-regular fa-bookmark-o\"><\/i> <span>Guardar<\/span>\r\n\t\t\t\t\t\t\t\t\t\t\t<\/a>\r\n\t\t\t\t\t\t\t\t\t\t<\/li>\r\n\t\t\t\t\t\t\t\t\t\t\r\n\t\t\t\t\t\t\t\t\t<\/ul>\r\n\t\t\t\t\t\t\t\t<\/div>\r\n\t\t\t\t\t\t\t<\/div>\r\n\t\t\t\t\t\t\t<div class=\"lp-grid-desc-container lp-border clearfix\">\r\n\t\t\t\t\t\t\t\t<div class=\"lp-grid-box-description \">\r\n\t\t\t\t\t\t\t\t\t<div class=\"lp-grid-box-left pull-left\">\r\n\t\t\t\t\t\t\t\t\t\t<h4 class=\"lp-h4\">\r\n\t\t\t\t\t\t\t\t\t\t\t<a href=\"https:\/\/fepyme.org.gt\/portal\/Entidad\/macadamia-organica-de-guatemala\/\">\r\n\t\t\t\t\t\t\t\t\t\t\t\t<span class=\"listing-pro\">ANUNCIO PRO<\/span>\t\t\t\t\t\t\t\t\t\t\t\tImportadora y Exportadora Agr\u00edcola e Ind\t\t\t\t\t\t\t\t\t\t\t\t<span class=\"verified simptip-position-top simptip-movable\"><i class=\"fa fa-check\"><\/i> <\/span>\t\t\t\t\t\t\t\t\t\t\t<\/a>\r\n\t\t\t\t\t\t\t\t\t\t<\/h4>\r\n\t\t\t\t\t\t\t\t\t\t<ul>\r\n\t\t\t\t\t\t\t\t\t\t\t\t\t\t\t\t\t\t\t\t\t\t<li>\r\n\t\t\t\t\t\t\t\t\t\t\t\t\t\t\t\t\t\t\t\t\t\t\t<\/li>\r\n\t\t\t\t\t\t\t\t\t\t\t\t\t\t\t\t\t\t\t\t\t\t\r\n\t\t\t\t\t\t\t\t\t\t\t<li>\r\n\t\t\t\t\t\t\t\t\t\t\t\t<span class=\"cat-icon\"><i class=\"icon icons-search-cat fa-solid fa-people-roof\"><\/i><\/span>\r\n\t\t\t\t\t\t\t\t\t\t\t\t\t\t\t<a href=\"https:\/\/fepyme.org.gt\/portal\/Directorio\/asociacion\/\">\r\n\t\t\t\t\t\t\t\t\t\t\t\t\t\t\t\tAsociaciones\r\n\t\t\t\t\t\t\t\t\t\t\t\t\t\t\t<\/a><span class=\"cat-icon\"><i class=\"icon icons-search-cat fa-solid fa-seedling\"><\/i><\/span>\r\n\t\t\t\t\t\t\t\t\t\t\t\t\t\t\t<a href=\"https:\/\/fepyme.org.gt\/portal\/Directorio\/agricola\/macadamia\/\">\r\n\t\t\t\t\t\t\t\t\t\t\t\t\t\t\t\tMacadamia\r\n\t\t\t\t\t\t\t\t\t\t\t\t\t\t\t<\/a>\t\t\t\t\t\t\t\t\t\t\t<\/li>\r\n\t\t\t\t\t\t\t\t\t\t<\/ul>\r\n\t\t\t\t\t\t\t\t\t\t\r\n\t\t\t\t\t\t\t\t\t<\/div>\r\n\t\t\t\t\t\t\t\t\t<div class=\"lp-grid-box-right pull-right\">\r\n\t\t\t\t\t\t\t\t\t<\/div>\r\n\t\t\t\t\t\t\t\t<\/div>\r\n\t\t\t\t\t\t\t\t\t\t\t\t\t\t\t\t\t<div class=\"lp-grid-box-bottom\">\r\n\t\t\t\t\t\t\t\t\t\t<div class=\"pull-left\">\r\n\t\t\t\t\t\t\t\t\t\t\t<div class=\"show\">\r\n\t\t\t\t\t\t\t\t\t\t\t\t<span class=\"cat-icon\"><img decoding=\"async\" class=\"icon icons8-mapMarkerGrey\" src=\"data:image\/png;base64,iVBORw0KGgoAAAANSUhEUgAAADIAAAAyCAYAAAAeP4ixAAAC8UlEQVRoge1aS3HDMBA1BEMIhEAwhEAohEIIgx3tk8+FYAiGEAiBYAjpoZKyTmx9Ym2cQ9+MZ3qIpf2+\/bhN849nEFFLQGeMOTMwArgwMDEwub8HtpYI6PaWdRFE1LK15IS+ZT\/WEhEd9pZ\/UQEAF2PMmYCO+v5IRK17DgBOxpiz885MoX2VAAYh0Eh9f8x+v++PbO2PNAARtZoyrwlxdda8bon52VnAVGKMTSCiVoTGWCPGnXfHoIy2Z2Q4aYSCVwbApea5T3C0+hdOClaT3jbGnGufHy7x7KRZB4joIELsUP2C4A1gqH74AwKbWfujcfiVgVsOqxBRy8zfDAwALu7dITdcnPdvDEybBZcAcMpNQgK6p4InHgCXnNAMlMz8VUOHpmnuYZWyKAGdqPKjqO4HACepYEoZQSz1wktQ7mlVCVlf\/nqoRVZzLU0ybJxRbgyMW+UP8ALGWMTlhC+SUWr29SLmYZU8CYkeUyTDax4+52IMqKOIrx8RS+coWyqkz6cXRF5GCK0I9dZWhPr+WL1dCe16hAp9EcsJrZxEVkn2wDTM32u\/EZU\/ebE3TCzZA3nUpN+cOuKmxWuBgNHGU9SRetOjYJmotUU4zCq4X0rIiTIVgiUsmA2RnMlkfpj4lp4pJVzJfcUQCb+aJxJ+JeSoe2JgNMacc+YYUVzrd9rM\/PW2Nr7QaEWQ3K85U88GOK2dl0pr\/XiH87zq3B7Cy9qr1h2hg1Y0VtM0d69UpUWHQPNKy40ZfKHScH1Oe18NWhwviqn+gs5DTHnVqPit3vCYeaXCrla0QO\/zhofcOm455y3bxZQANepKbjesChkSr7wvq7h63UhBroBK39UgjZchls5FiT+j23d93EkhWDYz8XdP8BhKBJPdwW4JvoZZiEX2umI\/PH3s9\/bUXvejQ+oRfP+o+bSoEMuH5H54dzzUhjCqijlc55OaBuRaiIBOfjfRmGNUIfMleGjPf9XYApEvNwaGj8+LNQiW+vzk\/hT8Ak0IUQVkeTWPAAAAAElFTkSuQmCC\" alt=\"mapMarkerGrey\"><\/span>\r\n\t\t\t\t\t\t\t\t\t\t\t\t\t\t\t<a href=\"https:\/\/fepyme.org.gt\/portal\/Ubicacion\/quetzaltenango\/\">\r\n\t\t\t\t\t\t\t\t\t\t\t\t\t\t\t\tQuetzaltenango\r\n\t\t\t\t\t\t\t\t\t\t\t\t\t\t\t<\/a>\t\t\t\t\t\t\t\t\t\t\t<\/div>\r\n\t\t\t\t\t\t\t\t\t\t\t\t\t\t\t\t\t\t\t\t\t\t\t<div class=\"hide\">\r\n\t\t\t\t\t\t\t\t\t\t\t\t\t<span class=\"cat-icon\">\r\n\t\t\t\t\t\t\t\t\t\t\t\t\t\t<img decoding=\"async\" class=\"icon icons8-mapMarkerGrey\" src=\"data:image\/png;base64,iVBORw0KGgoAAAANSUhEUgAAADIAAAAyCAYAAAAeP4ixAAAC8UlEQVRoge1aS3HDMBA1BEMIhEAwhEAohEIIgx3tk8+FYAiGEAiBYAjpoZKyTmx9Ym2cQ9+MZ3qIpf2+\/bhN849nEFFLQGeMOTMwArgwMDEwub8HtpYI6PaWdRFE1LK15IS+ZT\/WEhEd9pZ\/UQEAF2PMmYCO+v5IRK17DgBOxpiz885MoX2VAAYh0Eh9f8x+v++PbO2PNAARtZoyrwlxdda8bon52VnAVGKMTSCiVoTGWCPGnXfHoIy2Z2Q4aYSCVwbApea5T3C0+hdOClaT3jbGnGufHy7x7KRZB4joIELsUP2C4A1gqH74AwKbWfujcfiVgVsOqxBRy8zfDAwALu7dITdcnPdvDEybBZcAcMpNQgK6p4InHgCXnNAMlMz8VUOHpmnuYZWyKAGdqPKjqO4HACepYEoZQSz1wktQ7mlVCVlf\/nqoRVZzLU0ybJxRbgyMW+UP8ALGWMTlhC+SUWr29SLmYZU8CYkeUyTDax4+52IMqKOIrx8RS+coWyqkz6cXRF5GCK0I9dZWhPr+WL1dCe16hAp9EcsJrZxEVkn2wDTM32u\/EZU\/ebE3TCzZA3nUpN+cOuKmxWuBgNHGU9SRetOjYJmotUU4zCq4X0rIiTIVgiUsmA2RnMlkfpj4lp4pJVzJfcUQCb+aJxJ+JeSoe2JgNMacc+YYUVzrd9rM\/PW2Nr7QaEWQ3K85U88GOK2dl0pr\/XiH87zq3B7Cy9qr1h2hg1Y0VtM0d69UpUWHQPNKy40ZfKHScH1Oe18NWhwviqn+gs5DTHnVqPit3vCYeaXCrla0QO\/zhofcOm455y3bxZQANepKbjesChkSr7wvq7h63UhBroBK39UgjZchls5FiT+j23d93EkhWDYz8XdP8BhKBJPdwW4JvoZZiEX2umI\/PH3s9\/bUXvejQ+oRfP+o+bSoEMuH5H54dzzUhjCqijlc55OaBuRaiIBOfjfRmGNUIfMleGjPf9XYApEvNwaGj8+LNQiW+vzk\/hT8Ak0IUQVkeTWPAAAAAElFTkSuQmCC\" alt=\"mapMarkerGrey\">\t\t\t\t\t\t\t\t\t\t\t\t\t<\/span>\r\n\t\t\t\t\t\t\t\t\t\t\t\t\t<span class=\"text gaddress\">Nueva  Alianza el Palmar, Quet...<\/span>\r\n\t\t\t\t\t\t\t\t\t\t\t\t<\/div>\r\n\t\t\t\t\t\t\t\t\t\t\t\t\t\t\t\t\t\t\t\t\t<\/div>\r\n\t\t\t\t\t\t\t\t\t\t\t\t\t\t\t\t\t\t\t\t<div class=\"clearfix\"><\/div>\r\n\t\t\t\t\t\t\t\t\t<\/div>\r\n\t\t\t\t\t\t\t\t\r\n\t\t\t\t\t\t\t\t\t\t\t\t\t\t\t<\/div>\r\n\t\t\t\t\t\t<\/div>\r\n\t\t\t\t\t<\/div>\r\n\t\t\t\t\t\r\n\t\t\t\t\t\t\t\t\t\t\t\t\t \r\n\t\t\t\t\t\t\t\t\t\t<\/div>[\/vc_column][\/vc_row]<\/p>\n<\/div>","protected":false},"excerpt":{"rendered":"<p>[vc_row][vc_column width=&#8221;1\/2&#8243;][vc_column_text] Nuestra Red de Gremios y Asociaciones En la Federaci\u00f3n de la Peque\u00f1a y Mediana Empresa, creemos en la fuerza de la uni\u00f3n y la colaboraci\u00f3n. Somos un apoyo s\u00f3lido y unificador para todas las peque\u00f1as y medianas empresas que buscan crecer y prosperar en un mundo empresarial en constante cambio. Nuestra red de [&hellip;]<\/p>\n","protected":false},"author":1,"featured_media":0,"parent":0,"menu_order":0,"comment_status":"closed","ping_status":"closed","template":"","meta":{"nf_dc_page":"","om_disable_all_campaigns":false,"footnotes":""},"class_list":["post-7876","page","type-page","status-publish","hentry"],"cubewp_post_meta":[],"taxonomies":[],"yoast_head":"<!-- This site is optimized with the Yoast SEO plugin v28.4 - https:\/\/yoast.com\/product\/yoast-seo-wordpress\/ -->\n<title>Nuestras Gremiales y asociaciones - FEPYME<\/title>\n<meta name=\"robots\" content=\"index, follow, max-snippet:-1, max-image-preview:large, max-video-preview:-1\" \/>\n<link rel=\"canonical\" href=\"https:\/\/fepyme.org.gt\/nuestras-gremiales-y-asociaciones\/\" \/>\n<meta property=\"og:locale\" content=\"es_ES\" \/>\n<meta property=\"og:type\" content=\"article\" \/>\n<meta property=\"og:title\" content=\"Nuestras Gremiales y asociaciones - FEPYME\" \/>\n<meta property=\"og:description\" content=\"[vc_row][vc_column width=&#8221;1\/2&#8243;][vc_column_text] Nuestra Red de Gremios y Asociaciones En la Federaci\u00f3n de la Peque\u00f1a y Mediana Empresa, creemos en la fuerza de la uni\u00f3n y la colaboraci\u00f3n. Somos un apoyo s\u00f3lido y unificador para todas las peque\u00f1as y medianas empresas que buscan crecer y prosperar en un mundo empresarial en constante cambio. Nuestra red de [&hellip;]\" \/>\n<meta property=\"og:url\" content=\"https:\/\/fepyme.org.gt\/nuestras-gremiales-y-asociaciones\/\" \/>\n<meta property=\"og:site_name\" content=\"FEPYME\" \/>\n<meta property=\"article:modified_time\" content=\"2023-12-05T22:50:53+00:00\" \/>\n<meta name=\"twitter:card\" content=\"summary_large_image\" \/>\n<meta name=\"twitter:label1\" content=\"Tiempo de lectura\" \/>\n\t<meta name=\"twitter:data1\" content=\"1 minuto\" \/>\n<script type=\"application\/ld+json\" class=\"yoast-schema-graph\">{\"@context\":\"https:\\\/\\\/schema.org\",\"@graph\":[{\"@type\":\"WebPage\",\"@id\":\"https:\\\/\\\/fepyme.org.gt\\\/nuestras-gremiales-y-asociaciones\\\/\",\"url\":\"https:\\\/\\\/fepyme.org.gt\\\/nuestras-gremiales-y-asociaciones\\\/\",\"name\":\"Nuestras Gremiales y asociaciones - FEPYME\",\"isPartOf\":{\"@id\":\"https:\\\/\\\/fepyme.org.gt\\\/#website\"},\"datePublished\":\"2023-11-12T06:14:01+00:00\",\"dateModified\":\"2023-12-05T22:50:53+00:00\",\"breadcrumb\":{\"@id\":\"https:\\\/\\\/fepyme.org.gt\\\/nuestras-gremiales-y-asociaciones\\\/#breadcrumb\"},\"inLanguage\":\"es\",\"potentialAction\":[{\"@type\":\"ReadAction\",\"target\":[\"https:\\\/\\\/fepyme.org.gt\\\/nuestras-gremiales-y-asociaciones\\\/\"]}]},{\"@type\":\"BreadcrumbList\",\"@id\":\"https:\\\/\\\/fepyme.org.gt\\\/nuestras-gremiales-y-asociaciones\\\/#breadcrumb\",\"itemListElement\":[{\"@type\":\"ListItem\",\"position\":1,\"name\":\"Home\",\"item\":\"https:\\\/\\\/fepyme.org.gt\\\/\"},{\"@type\":\"ListItem\",\"position\":2,\"name\":\"Nuestras Gremiales y asociaciones\"}]},{\"@type\":\"WebSite\",\"@id\":\"https:\\\/\\\/fepyme.org.gt\\\/#website\",\"url\":\"https:\\\/\\\/fepyme.org.gt\\\/\",\"name\":\"FEPYME\",\"description\":\"Federaci\u00f3n de la peque\u00f1a y mediana empresa\",\"potentialAction\":[{\"@type\":\"SearchAction\",\"target\":{\"@type\":\"EntryPoint\",\"urlTemplate\":\"https:\\\/\\\/fepyme.org.gt\\\/?s={search_term_string}\"},\"query-input\":{\"@type\":\"PropertyValueSpecification\",\"valueRequired\":true,\"valueName\":\"search_term_string\"}}],\"inLanguage\":\"es\"}]}<\/script>\n<!-- \/ Yoast SEO plugin. -->","yoast_head_json":{"title":"Nuestras Gremiales y asociaciones - FEPYME","robots":{"index":"index","follow":"follow","max-snippet":"max-snippet:-1","max-image-preview":"max-image-preview:large","max-video-preview":"max-video-preview:-1"},"canonical":"https:\/\/fepyme.org.gt\/nuestras-gremiales-y-asociaciones\/","og_locale":"es_ES","og_type":"article","og_title":"Nuestras Gremiales y asociaciones - FEPYME","og_description":"[vc_row][vc_column width=&#8221;1\/2&#8243;][vc_column_text] Nuestra Red de Gremios y Asociaciones En la Federaci\u00f3n de la Peque\u00f1a y Mediana Empresa, creemos en la fuerza de la uni\u00f3n y la colaboraci\u00f3n. Somos un apoyo s\u00f3lido y unificador para todas las peque\u00f1as y medianas empresas que buscan crecer y prosperar en un mundo empresarial en constante cambio. Nuestra red de [&hellip;]","og_url":"https:\/\/fepyme.org.gt\/nuestras-gremiales-y-asociaciones\/","og_site_name":"FEPYME","article_modified_time":"2023-12-05T22:50:53+00:00","twitter_card":"summary_large_image","twitter_misc":{"Tiempo de lectura":"1 minuto"},"schema":{"@context":"https:\/\/schema.org","@graph":[{"@type":"WebPage","@id":"https:\/\/fepyme.org.gt\/nuestras-gremiales-y-asociaciones\/","url":"https:\/\/fepyme.org.gt\/nuestras-gremiales-y-asociaciones\/","name":"Nuestras Gremiales y asociaciones - FEPYME","isPartOf":{"@id":"https:\/\/fepyme.org.gt\/#website"},"datePublished":"2023-11-12T06:14:01+00:00","dateModified":"2023-12-05T22:50:53+00:00","breadcrumb":{"@id":"https:\/\/fepyme.org.gt\/nuestras-gremiales-y-asociaciones\/#breadcrumb"},"inLanguage":"es","potentialAction":[{"@type":"ReadAction","target":["https:\/\/fepyme.org.gt\/nuestras-gremiales-y-asociaciones\/"]}]},{"@type":"BreadcrumbList","@id":"https:\/\/fepyme.org.gt\/nuestras-gremiales-y-asociaciones\/#breadcrumb","itemListElement":[{"@type":"ListItem","position":1,"name":"Home","item":"https:\/\/fepyme.org.gt\/"},{"@type":"ListItem","position":2,"name":"Nuestras Gremiales y asociaciones"}]},{"@type":"WebSite","@id":"https:\/\/fepyme.org.gt\/#website","url":"https:\/\/fepyme.org.gt\/","name":"FEPYME","description":"Federaci\u00f3n de la peque\u00f1a y mediana empresa","potentialAction":[{"@type":"SearchAction","target":{"@type":"EntryPoint","urlTemplate":"https:\/\/fepyme.org.gt\/?s={search_term_string}"},"query-input":{"@type":"PropertyValueSpecification","valueRequired":true,"valueName":"search_term_string"}}],"inLanguage":"es"}]}},"jetpack_sharing_enabled":true,"_links":{"self":[{"href":"https:\/\/fepyme.org.gt\/portal\/wp-json\/wp\/v2\/pages\/7876","targetHints":{"allow":["GET"]}}],"collection":[{"href":"https:\/\/fepyme.org.gt\/portal\/wp-json\/wp\/v2\/pages"}],"about":[{"href":"https:\/\/fepyme.org.gt\/portal\/wp-json\/wp\/v2\/types\/page"}],"author":[{"embeddable":true,"href":"https:\/\/fepyme.org.gt\/portal\/wp-json\/wp\/v2\/users\/1"}],"replies":[{"embeddable":true,"href":"https:\/\/fepyme.org.gt\/portal\/wp-json\/wp\/v2\/comments?post=7876"}],"version-history":[{"count":5,"href":"https:\/\/fepyme.org.gt\/portal\/wp-json\/wp\/v2\/pages\/7876\/revisions"}],"predecessor-version":[{"id":8064,"href":"https:\/\/fepyme.org.gt\/portal\/wp-json\/wp\/v2\/pages\/7876\/revisions\/8064"}],"wp:attachment":[{"href":"https:\/\/fepyme.org.gt\/portal\/wp-json\/wp\/v2\/media?parent=7876"}],"curies":[{"name":"wp","href":"https:\/\/api.w.org\/{rel}","templated":true}]}}