{"id":39,"date":"2017-03-31T16:28:27","date_gmt":"2017-03-31T16:28:27","guid":{"rendered":"http:\/\/studio.cridio.com\/listingpro-content\/?page_id=39"},"modified":"2023-12-03T20:34:06","modified_gmt":"2023-12-03T20:34:06","slug":"quienes-somos","status":"publish","type":"page","link":"https:\/\/fepyme.org.gt\/portal\/quienes-somos\/","title":{"rendered":"Quienes somos"},"content":{"rendered":"<div class=\"wpb-content-wrapper\"><p>[vc_row][vc_column]<div class=\"lp-section-content-container row\">\t<div class=\"col-md-6\">\n\t\t\t\t\t\t<div class=\"\">\n\t\t\t\t\t\t\t<Div class=\"lp-about-section-best-header\">\n\t\t\t\t\t\t\t\t<h3 class=\"margin-top-0\">FEPYME<\/h3>\n\t\t\t\t\t\t\t\t<p>Federaci\u00f3n de la Peque\u00f1a y Mediana Empresa Guatemalteca<\/p>\n\t\t\t\t\t\t\t<\/div>\n\t\t\t\t\t\t\t<div class=\"lp-about-section-best-description margin-top-45 \">\n\t\t\t\t\t\t\t\t<p class=\"paragraph-small\">\n\t\t\t\t\t\t\t\tLa Federaci\u00f3n de la Peque\u00f1a y Mediana Empresa Guatemalteca, cuyas siglas son FEPYME, es una asociaci\u00f3n civil, no lucrativa, apol\u00edtica, no religiosa, de car\u00e1cter privado y con personalidad jur\u00eddica propia, que se rige por lo estipulado en los estatutos y reglamentos internos.\n\t\t\t\t\t\t\t\t<\/p>\n\t\t\t\t\t\t\t\t\t<ul class=\"nearby-download nearby-download-about nearby-download-top\">\n\t\t\t\t\t\t\t\t\t\t<li>\n\t\t\t\t\t\t\t\t\t\t\t<a href=\"\">\n\t\t\t\t\t\t\t\t\t\t\t\t<img decoding=\"async\" src=\"https:\/\/i0.wp.com\/fepyme.org.gt\/portal\/wp-content\/uploads\/2023\/11\/Artesania2.jpg?fit=100%2C100&ssl=1\" alt=\"image\">\n\t\t\t\t\t\t\t\t\t\t\t<\/a>\n\t\t\t\t\t\t\t\t\t\t<\/li>\n\t\t\t\t\t\t\t\t\t\t<li>\n\t\t\t\t\t\t\t\t\t\t\t<a href=\"\">\n\t\t\t\t\t\t\t\t\t\t\t\t<img decoding=\"async\" src=\"https:\/\/i0.wp.com\/fepyme.org.gt\/portal\/wp-content\/uploads\/2023\/11\/Camion2.jpg?fit=100%2C100&ssl=1\" alt=\"image\">\n\t\t\t\t\t\t\t\t\t\t\t<\/a>\n\t\t\t\t\t\t\t\t\t\t<\/li>\n\t\t\t\t\t\t\t\t\t<\/ul>\n\t\t\t\t\t\t\t<\/div>\n\t\t\t\t\t\t<\/div><!-- ..\/section-content-container-->\n\t\t\t\t\t<\/div>\n\t\t\t\t\t<div class=\"col-md-6\">\n\t\t\t\t\t\t<div class=\"\">\n\t\t\t\t\t\t\t<img decoding=\"async\" src=\"https:\/\/i0.wp.com\/fepyme.org.gt\/portal\/wp-content\/uploads\/2023\/11\/FEPYME.jpg?fit=1024%2C683&ssl=1\" alt=\"image\">\n\t\t\t\t\t\t<\/div><!-- ..\/section-content-container-->\n\t\t\t\t\t<\/div><\/div>[\/vc_column][\/vc_row][vc_row][vc_column width=&#8221;1\/2&#8243;][vc_single_image image=&#8221;251&#8243; img_size=&#8221;400&#215;400&#8243; alignment=&#8221;center&#8221; style=&#8221;vc_box_rounded&#8221; css=&#8221;.vc_custom_1698943344438{border-top-width: 25px !important;padding-top: 25px !important;}&#8221;][\/vc_column][vc_column width=&#8221;1\/2&#8243;][vc_column_text css=&#8221;.vc_custom_1698942908185{padding-top: 25px !important;}&#8221;]<\/p>\n<h1>Visi\u00f3n<\/h1>\n<p>Ser la entidad que aglutina la mayor cantidad de peque\u00f1as y medianas empresas en Guatemala, con una administraci\u00f3n creativa, adecuada y de adaptaci\u00f3n r\u00e1pida a las exigencias actuales de un mundo globalizado para canalizar los beneficios a los asociados, dedicada a la satisfacci\u00f3n y atenci\u00f3n permanente de sus miembros, orientada al crecimiento integral de todas las empresas, para que \u00e9stas alcancen niveles de competitividad adecuados.[\/vc_column_text][\/vc_column][\/vc_row][vc_row][vc_column width=&#8221;1\/2&#8243;][vc_column_text]<\/p>\n<h1>Misi\u00f3n<\/h1>\n<p>Velar por los intereses de los asociados, represent\u00e1ndolos ante las entidades p\u00fablicas y privadas, nacionales e internacionales; creando un ambiente que facilite actividades y herramientas que promuevan, fomenten, desarrollen, fortalezcan y defiendan a la peque\u00f1a y mediana empresa; facilitando su organizaci\u00f3n en grupos homog\u00e9neos.[\/vc_column_text][\/vc_column][vc_column width=&#8221;1\/2&#8243;][vc_single_image image=&#8221;7789&#8243; img_size=&#8221;large&#8221; alignment=&#8221;center&#8221; style=&#8221;vc_box_rounded&#8221;][\/vc_column][\/vc_row][vc_row][vc_column width=&#8221;1\/2&#8243;][vc_single_image image=&#8221;8057&#8243; img_size=&#8221;full&#8221; alignment=&#8221;center&#8221; style=&#8221;vc_box_rounded&#8221; css=&#8221;.vc_custom_1701635574227{margin-top: 20px !important;padding-top: 25px !important;}&#8221;][\/vc_column][vc_column width=&#8221;1\/2&#8243;][vc_column_text css=&#8221;.vc_custom_1698943298593{padding-top: 25px !important;}&#8221;]<\/p>\n<h1>Objetivos<\/h1>\n<ul>\n<li>Promover, fomentar, desarrollar, fortalecer y defender la peque\u00f1a y mediana empresa, coordinando los intereses de sus asociados.<\/li>\n<li>Organizar a sus asociados en grupos homog\u00e9neos y representarlos en sus relaciones con otras entidades o personas, ya sean privadas o sector p\u00fablico, nacional o extranjeras.<\/li>\n<li>Promover la emisi\u00f3n derogaci\u00f3n o abrogaci\u00f3n de leyes, reglamentos y dem\u00e1s disposiciones legales, que afecten al sector empresarial o a la econom\u00eda en general de la poblaci\u00f3n coadyuvando en la interpretaci\u00f3n de las mismas.<\/li>\n<li>Colaborar con el Estado a efecto de que se cumpla adecuadamente las leyes de la rep\u00fablica y en la soluci\u00f3n de los problemas nacionales en cuanto a comercio y producci\u00f3n se refieran, especialmente lo relacionado con la peque\u00f1a y mediana empresa.<\/li>\n<li>Fomentar las relaciones de amistad y cooperaci\u00f3n entre la Federaci\u00f3n y otras entidades an\u00e1logas, ya sean nacionales o internacionales, haci\u00e9ndose representar en congresos y conferencias a las cuales fuere invitada, siempre que se relacionen con sus actividades y brinden alg\u00fan tipo de beneficio a la misma o al desarrollo del pa\u00eds.<\/li>\n<li>Propiciar el desarrollo de la formaci\u00f3n profesional de sus asociados, seg\u00fan requerimiento de la peque\u00f1a y mediana empresa.<\/li>\n<\/ul>\n<p>[\/vc_column_text][\/vc_column][\/vc_row][vc_row][vc_column width=&#8221;1\/2&#8243;][vc_column_text]<\/p>\n<h1>ASOCIATE CON NOSOTROS<\/h1>\n<p>Obt\u00e9n beneficios de contactos, networking, asesor\u00eda y nuestra Representaci\u00f3n Gremial.<\/p>\n<p><a href=\"https:\/\/fepyme.org.gt\/afiliacion\/\">M\u00e1s informaci\u00f3n<\/a>[\/vc_column_text][\/vc_column][vc_column width=&#8221;1\/2&#8243;][vc_single_image image=&#8221;8055&#8243; img_size=&#8221;large&#8221; alignment=&#8221;center&#8221; style=&#8221;vc_box_rounded&#8221;][\/vc_column][\/vc_row][vc_row][vc_column] <div class=\"about-box-container\">\t<div class=\"lp-section-content-container clearfix\"><div class=\"col-md-4 col-sm-6 about-box about-box-style2\">\n\t\t\t\t\t\t<div class=\"about-box-inner lp-border-radius-5 lp-border\">\n\t\t\t\t\t\t\t<div class=\"about-box-slide\">\n\t\t\t\t\t\t\t\t<div class=\"about-box-icon-style2\">\n\t\t\t\t\t\t\t\t\t<!-- Inspection icon by Icons8 -->\n\t\t\t\t\t\t\t\t\t<i class=\"fa fa-briefcase\"><\/i>\n\t\t\t\t\t\t\t\t<\/div>\n\t\t\t\t\t\t\t\t<div class=\"about-box-title-style2 clearfix\">\n\t\t\t\t\t\t\t\t\t<h4>Asesor\u00eda Empresarial<\/h4>\n\t\t\t\t\t\t\t\t<\/div>\n\t\t\t\t\t\t\t\t<div class=\"about-box-description-style2\">\n\t\t\t\t\t\t\t\t\t<p class=\"paragraph-small\">\n\t\t\t\t\t\t\t\t\t\tAsesoramiento en las oficinas de la Federaci\u00f3n, as\u00ed como en las empresas.\n\t\t\t\t\t\t\t\t\t<\/p>\n\t\t\t\t\t\t\t\t<\/div>\n\t\t\t\t\t\t\t<\/div>\n\t\t\t\t\t\t<\/div>\n\t\t\t\t\t<\/div><div class=\"col-md-4 col-sm-6 about-box about-box-style2\">\n\t\t\t\t\t\t<div class=\"about-box-inner lp-border-radius-5 lp-border\">\n\t\t\t\t\t\t\t<div class=\"about-box-slide\">\n\t\t\t\t\t\t\t\t<div class=\"about-box-icon-style2\">\n\t\t\t\t\t\t\t\t\t<!-- Inspection icon by Icons8 -->\n\t\t\t\t\t\t\t\t\t<i class=\"fa fa-graduation-cap\"><\/i>\n\t\t\t\t\t\t\t\t<\/div>\n\t\t\t\t\t\t\t\t<div class=\"about-box-title-style2 clearfix\">\n\t\t\t\t\t\t\t\t\t<h4>Capacitaci\u00f3n<\/h4>\n\t\t\t\t\t\t\t\t<\/div>\n\t\t\t\t\t\t\t\t<div class=\"about-box-description-style2\">\n\t\t\t\t\t\t\t\t\t<p class=\"paragraph-small\">\n\t\t\t\t\t\t\t\t\t\tPonemos a disposici\u00f3n de todos nuestros socios cursos de capacitaci\u00f3n, para desarrollar a nuestros asociados y sus colaboradores.\n\t\t\t\t\t\t\t\t\t<\/p>\n\t\t\t\t\t\t\t\t<\/div>\n\t\t\t\t\t\t\t<\/div>\n\t\t\t\t\t\t<\/div>\n\t\t\t\t\t<\/div><div class=\"col-md-4 col-sm-6 about-box about-box-style2\">\n\t\t\t\t\t\t<div class=\"about-box-inner lp-border-radius-5 lp-border\">\n\t\t\t\t\t\t\t<div class=\"about-box-slide\">\n\t\t\t\t\t\t\t\t<div class=\"about-box-icon-style2\">\n\t\t\t\t\t\t\t\t\t<!-- Inspection icon by Icons8 -->\n\t\t\t\t\t\t\t\t\t<i class=\"fa fa-institution\"><\/i>\n\t\t\t\t\t\t\t\t<\/div>\n\t\t\t\t\t\t\t\t<div class=\"about-box-title-style2 clearfix\">\n\t\t\t\t\t\t\t\t\t<h4>Representaci\u00f3n Gremial<\/h4>\n\t\t\t\t\t\t\t\t<\/div>\n\t\t\t\t\t\t\t\t<div class=\"about-box-description-style2\">\n\t\t\t\t\t\t\t\t\t<p class=\"paragraph-small\">\n\t\t\t\t\t\t\t\t\t\tUna de nuestras funciones principales es representar los intereses de nuestros miembros\n\t\t\t\t\t\t\t\t\t<\/p>\n\t\t\t\t\t\t\t\t<\/div>\n\t\t\t\t\t\t\t<\/div>\n\t\t\t\t\t\t<\/div>\n\t\t\t\t\t<\/div>\t<\/div><\/div>[\/vc_column][\/vc_row]<\/p>\n<\/div>","protected":false},"excerpt":{"rendered":"<p>[vc_row][vc_column][\/vc_column][\/vc_row][vc_row][vc_column width=&#8221;1\/2&#8243;][vc_single_image image=&#8221;251&#8243; img_size=&#8221;400&#215;400&#8243; alignment=&#8221;center&#8221; style=&#8221;vc_box_rounded&#8221; css=&#8221;.vc_custom_1698943344438{border-top-width: 25px !important;padding-top: 25px !important;}&#8221;][\/vc_column][vc_column width=&#8221;1\/2&#8243;][vc_column_text css=&#8221;.vc_custom_1698942908185{padding-top: 25px !important;}&#8221;] Visi\u00f3n Ser la entidad que aglutina la mayor cantidad de peque\u00f1as y medianas empresas en Guatemala, con una administraci\u00f3n creativa, adecuada y de adaptaci\u00f3n r\u00e1pida a las exigencias actuales de un mundo globalizado para canalizar los beneficios a los asociados, [&hellip;]<\/p>\n","protected":false},"author":1,"featured_media":0,"parent":0,"menu_order":0,"comment_status":"closed","ping_status":"closed","template":"","meta":{"nf_dc_page":"","om_disable_all_campaigns":false,"footnotes":""},"class_list":["post-39","page","type-page","status-publish","hentry"],"cubewp_post_meta":[],"taxonomies":[],"yoast_head":"<!-- This site is optimized with the Yoast SEO plugin v28.4 - https:\/\/yoast.com\/product\/yoast-seo-wordpress\/ -->\n<title>Quienes somos - FEPYME<\/title>\n<meta name=\"robots\" content=\"index, follow, max-snippet:-1, max-image-preview:large, max-video-preview:-1\" \/>\n<link rel=\"canonical\" href=\"https:\/\/fepyme.org.gt\/quienes-somos\/\" \/>\n<meta property=\"og:locale\" content=\"es_ES\" \/>\n<meta property=\"og:type\" content=\"article\" \/>\n<meta property=\"og:title\" content=\"Quienes somos - FEPYME\" \/>\n<meta property=\"og:description\" content=\"[vc_row][vc_column][\/vc_column][\/vc_row][vc_row][vc_column width=&#8221;1\/2&#8243;][vc_single_image image=&#8221;251&#8243; img_size=&#8221;400&#215;400&#8243; alignment=&#8221;center&#8221; style=&#8221;vc_box_rounded&#8221; css=&#8221;.vc_custom_1698943344438{border-top-width: 25px !important;padding-top: 25px !important;}&#8221;][\/vc_column][vc_column width=&#8221;1\/2&#8243;][vc_column_text css=&#8221;.vc_custom_1698942908185{padding-top: 25px !important;}&#8221;] Visi\u00f3n Ser la entidad que aglutina la mayor cantidad de peque\u00f1as y medianas empresas en Guatemala, con una administraci\u00f3n creativa, adecuada y de adaptaci\u00f3n r\u00e1pida a las exigencias actuales de un mundo globalizado para canalizar los beneficios a los asociados, [&hellip;]\" \/>\n<meta property=\"og:url\" content=\"https:\/\/fepyme.org.gt\/quienes-somos\/\" \/>\n<meta property=\"og:site_name\" content=\"FEPYME\" \/>\n<meta property=\"article:modified_time\" content=\"2023-12-03T20:34:06+00:00\" \/>\n<meta name=\"twitter:card\" content=\"summary_large_image\" \/>\n<meta name=\"twitter:label1\" content=\"Tiempo de lectura\" \/>\n\t<meta name=\"twitter:data1\" content=\"3 minutos\" \/>\n<script type=\"application\/ld+json\" class=\"yoast-schema-graph\">{\"@context\":\"https:\\\/\\\/schema.org\",\"@graph\":[{\"@type\":\"WebPage\",\"@id\":\"https:\\\/\\\/fepyme.org.gt\\\/quienes-somos\\\/\",\"url\":\"https:\\\/\\\/fepyme.org.gt\\\/quienes-somos\\\/\",\"name\":\"Quienes somos - FEPYME\",\"isPartOf\":{\"@id\":\"https:\\\/\\\/fepyme.org.gt\\\/#website\"},\"datePublished\":\"2017-03-31T16:28:27+00:00\",\"dateModified\":\"2023-12-03T20:34:06+00:00\",\"breadcrumb\":{\"@id\":\"https:\\\/\\\/fepyme.org.gt\\\/quienes-somos\\\/#breadcrumb\"},\"inLanguage\":\"es\",\"potentialAction\":[{\"@type\":\"ReadAction\",\"target\":[\"https:\\\/\\\/fepyme.org.gt\\\/quienes-somos\\\/\"]}]},{\"@type\":\"BreadcrumbList\",\"@id\":\"https:\\\/\\\/fepyme.org.gt\\\/quienes-somos\\\/#breadcrumb\",\"itemListElement\":[{\"@type\":\"ListItem\",\"position\":1,\"name\":\"Home\",\"item\":\"https:\\\/\\\/fepyme.org.gt\\\/\"},{\"@type\":\"ListItem\",\"position\":2,\"name\":\"Quienes somos\"}]},{\"@type\":\"WebSite\",\"@id\":\"https:\\\/\\\/fepyme.org.gt\\\/#website\",\"url\":\"https:\\\/\\\/fepyme.org.gt\\\/\",\"name\":\"FEPYME\",\"description\":\"Federaci\u00f3n de la peque\u00f1a y mediana empresa\",\"potentialAction\":[{\"@type\":\"SearchAction\",\"target\":{\"@type\":\"EntryPoint\",\"urlTemplate\":\"https:\\\/\\\/fepyme.org.gt\\\/?s={search_term_string}\"},\"query-input\":{\"@type\":\"PropertyValueSpecification\",\"valueRequired\":true,\"valueName\":\"search_term_string\"}}],\"inLanguage\":\"es\"}]}<\/script>\n<!-- \/ Yoast SEO plugin. -->","yoast_head_json":{"title":"Quienes somos - FEPYME","robots":{"index":"index","follow":"follow","max-snippet":"max-snippet:-1","max-image-preview":"max-image-preview:large","max-video-preview":"max-video-preview:-1"},"canonical":"https:\/\/fepyme.org.gt\/quienes-somos\/","og_locale":"es_ES","og_type":"article","og_title":"Quienes somos - FEPYME","og_description":"[vc_row][vc_column][\/vc_column][\/vc_row][vc_row][vc_column width=&#8221;1\/2&#8243;][vc_single_image image=&#8221;251&#8243; img_size=&#8221;400&#215;400&#8243; alignment=&#8221;center&#8221; style=&#8221;vc_box_rounded&#8221; css=&#8221;.vc_custom_1698943344438{border-top-width: 25px !important;padding-top: 25px !important;}&#8221;][\/vc_column][vc_column width=&#8221;1\/2&#8243;][vc_column_text css=&#8221;.vc_custom_1698942908185{padding-top: 25px !important;}&#8221;] Visi\u00f3n Ser la entidad que aglutina la mayor cantidad de peque\u00f1as y medianas empresas en Guatemala, con una administraci\u00f3n creativa, adecuada y de adaptaci\u00f3n r\u00e1pida a las exigencias actuales de un mundo globalizado para canalizar los beneficios a los asociados, [&hellip;]","og_url":"https:\/\/fepyme.org.gt\/quienes-somos\/","og_site_name":"FEPYME","article_modified_time":"2023-12-03T20:34:06+00:00","twitter_card":"summary_large_image","twitter_misc":{"Tiempo de lectura":"3 minutos"},"schema":{"@context":"https:\/\/schema.org","@graph":[{"@type":"WebPage","@id":"https:\/\/fepyme.org.gt\/quienes-somos\/","url":"https:\/\/fepyme.org.gt\/quienes-somos\/","name":"Quienes somos - FEPYME","isPartOf":{"@id":"https:\/\/fepyme.org.gt\/#website"},"datePublished":"2017-03-31T16:28:27+00:00","dateModified":"2023-12-03T20:34:06+00:00","breadcrumb":{"@id":"https:\/\/fepyme.org.gt\/quienes-somos\/#breadcrumb"},"inLanguage":"es","potentialAction":[{"@type":"ReadAction","target":["https:\/\/fepyme.org.gt\/quienes-somos\/"]}]},{"@type":"BreadcrumbList","@id":"https:\/\/fepyme.org.gt\/quienes-somos\/#breadcrumb","itemListElement":[{"@type":"ListItem","position":1,"name":"Home","item":"https:\/\/fepyme.org.gt\/"},{"@type":"ListItem","position":2,"name":"Quienes somos"}]},{"@type":"WebSite","@id":"https:\/\/fepyme.org.gt\/#website","url":"https:\/\/fepyme.org.gt\/","name":"FEPYME","description":"Federaci\u00f3n de la peque\u00f1a y mediana empresa","potentialAction":[{"@type":"SearchAction","target":{"@type":"EntryPoint","urlTemplate":"https:\/\/fepyme.org.gt\/?s={search_term_string}"},"query-input":{"@type":"PropertyValueSpecification","valueRequired":true,"valueName":"search_term_string"}}],"inLanguage":"es"}]}},"jetpack_sharing_enabled":true,"_links":{"self":[{"href":"https:\/\/fepyme.org.gt\/portal\/wp-json\/wp\/v2\/pages\/39","targetHints":{"allow":["GET"]}}],"collection":[{"href":"https:\/\/fepyme.org.gt\/portal\/wp-json\/wp\/v2\/pages"}],"about":[{"href":"https:\/\/fepyme.org.gt\/portal\/wp-json\/wp\/v2\/types\/page"}],"author":[{"embeddable":true,"href":"https:\/\/fepyme.org.gt\/portal\/wp-json\/wp\/v2\/users\/1"}],"replies":[{"embeddable":true,"href":"https:\/\/fepyme.org.gt\/portal\/wp-json\/wp\/v2\/comments?post=39"}],"version-history":[{"count":5,"href":"https:\/\/fepyme.org.gt\/portal\/wp-json\/wp\/v2\/pages\/39\/revisions"}],"predecessor-version":[{"id":8058,"href":"https:\/\/fepyme.org.gt\/portal\/wp-json\/wp\/v2\/pages\/39\/revisions\/8058"}],"wp:attachment":[{"href":"https:\/\/fepyme.org.gt\/portal\/wp-json\/wp\/v2\/media?parent=39"}],"curies":[{"name":"wp","href":"https:\/\/api.w.org\/{rel}","templated":true}]}}